{"id":11062,"date":"2025-06-13T11:12:59","date_gmt":"2025-06-13T09:12:59","guid":{"rendered":"https:\/\/cms.zdv.uni-mainz.de\/fb02-vergleichende-politikwissenschaft\/?page_id=11062"},"modified":"2025-11-25T10:20:00","modified_gmt":"2025-11-25T09:20:00","slug":"jonas-wenker","status":"publish","type":"page","link":"https:\/\/vergleich.politik.uni-mainz.de\/en\/start-vergleichende\/jonas-wenker\/","title":{"rendered":"Jonas Wenker"},"content":{"rendered":"<jgu-base-pageheader react-props=\"{\n    &quot;items&quot;: [\n        {\n            &quot;box&quot;: {\n                &quot;index&quot;: &quot;&quot;,\n                &quot;title&quot;: &quot;Jonas Wenker M.A.&quot;,\n                &quot;link&quot;: {\n                    &quot;url&quot;: &quot;&quot;,\n                    &quot;title&quot;: &quot;learn more&quot;\n                }\n            },\n            &quot;color&quot;: &quot;default&quot;,\n            &quot;image&quot;: {\n                &quot;url&quot;: &quot;&quot;\n            },\n            &quot;imgCredit&quot;: &quot;&quot;,\n            &quot;useVideo&quot;: false,\n            &quot;video&quot;: false\n        }\n    ],\n    &quot;type&quot;: &quot;border&quot;,\n    &quot;useBreadcrumb&quot;: true,\n    &quot;align&quot;: &quot;full&quot;,\n    &quot;quicklinks&quot;: {\n        &quot;show&quot;: false,\n        &quot;selects&quot;: []\n    }\n}\">\n<\/jgu-base-pageheader>\n<div class=\"wp-block-columns is-layout-flex wp-container-core-columns-is-layout-9d6595d7 wp-block-columns-is-layout-flex\">\n<div class=\"wp-block-column is-layout-flow wp-block-column-is-layout-flow\"><jgu-base-idm-person react-props=\"{\n    &quot;id&quot;: &quot;292042&quot;,\n    &quot;organizationId&quot;: 614,\n    &quot;roleId&quot;: 16,\n    &quot;name&quot;: &quot;&quot;,\n    &quot;link&quot;: &quot;idm&quot;,\n    &quot;skipDetails&quot;: [],\n    &quot;align&quot;: &quot;left&quot;,\n    &quot;color&quot;: &quot;default&quot;,\n    &quot;mode&quot;: &quot;edit&quot;,\n    &quot;linkType&quot;: &quot;idm&quot;\n}\">\n        \n<\/jgu-base-idm-person>\n<\/div>\n\n\n\n<div class=\"wp-block-column is-layout-flow wp-block-column-is-layout-flow\"><jgu-base-alertbox react-props=\"{\n    &quot;headline&quot;: &quot;Further information&quot;,\n    &quot;children&quot;: &quot;The consultation takes place in person, via MSTeams or by telephone. Please register for an appointment in advance by e-mail and let me know how you would like to attend the consultation. &quot;,\n    &quot;icon&quot;: &quot;bullhorn-solid&quot;,\n    &quot;iconColor&quot;: &quot;red&quot;,\n    &quot;headlineColor&quot;: &quot;dark&quot;,\n    &quot;subline&quot;: &quot;&quot;,\n    &quot;iconOverHeadline&quot;: false,\n    &quot;isPreview&quot;: false\n}\">\n    \n<jgu-base-listitem react-props=\"{\n    &quot;uuid&quot;: &quot;1749805860215&quot;,\n    &quot;align&quot;: &quot;wide&quot;,\n    &quot;showInActions&quot;: false,\n    &quot;allowNesting&quot;: true,\n    &quot;icon&quot;: &quot;&quot;,\n    &quot;title&quot;: &quot;&quot;,\n    &quot;showExpandableContent&quot;: false,\n    &quot;expandableContent&quot;: &quot;&quot;,\n    &quot;link&quot;: {\n        &quot;url&quot;: &quot;&quot;\n    }\n}\">\n    \n<\/jgu-base-listitem>\n\n<\/jgu-base-alertbox><\/div>\n<\/div>\n<jgu-base-alertbox react-props=\"{\n    &quot;headline&quot;: &quot;CV&quot;,\n    &quot;headlineColor&quot;: &quot;dark&quot;,\n    &quot;subline&quot;: &quot;&quot;,\n    &quot;children&quot;: &quot;&quot;,\n    &quot;icon&quot;: &quot;&quot;,\n    &quot;iconOverHeadline&quot;: false,\n    &quot;isPreview&quot;: false\n}\">\n    \n<jgu-base-listitem react-props=\"{\n    &quot;title&quot;: &quot;Since April 2022: Academic staff member at the Chair for Comparative Political Science (Prof. Armin Sch\\u00e4fer) at Johannes Gutenberg University Mainz.&quot;,\n    &quot;uuid&quot;: &quot;1749806000445&quot;,\n    &quot;align&quot;: &quot;wide&quot;,\n    &quot;showInActions&quot;: false,\n    &quot;allowNesting&quot;: true,\n    &quot;icon&quot;: &quot;&quot;,\n    &quot;showExpandableContent&quot;: false,\n    &quot;expandableContent&quot;: &quot;&quot;,\n    &quot;link&quot;: {\n        &quot;url&quot;: &quot;&quot;\n    }\n}\">\n    \n<\/jgu-base-listitem>\n\n<jgu-base-listitem react-props=\"{\n    &quot;title&quot;: &quot;January to March 2022: Graduate assistant at the Chair for Comparative Political Science (Prof. Armin Sch\\u00e4fer) at the University of M\\u00fcnster.&quot;,\n    &quot;uuid&quot;: &quot;1749806044401&quot;,\n    &quot;align&quot;: &quot;wide&quot;,\n    &quot;showInActions&quot;: false,\n    &quot;allowNesting&quot;: true,\n    &quot;icon&quot;: &quot;&quot;,\n    &quot;showExpandableContent&quot;: false,\n    &quot;expandableContent&quot;: &quot;&quot;,\n    &quot;link&quot;: {\n        &quot;url&quot;: &quot;&quot;\n    }\n}\">\n    \n<\/jgu-base-listitem>\n\n<jgu-base-listitem react-props=\"{\n    &quot;title&quot;: &quot;2019 \\u2013 2021 Master&#039;s degree in Political Science with a minor in Economics at the University of M\\u00fcnster. Title of master&#039;s thesis: \\u201cDemocratic Alienation in the USA. A Multicausal Perspective on Democratic Satisfaction and Losers\\u2019 Discontent\\u201d (Supervisor: Prof. Armin Sch\\u00e4fer). &quot;,\n    &quot;uuid&quot;: &quot;1749806048835&quot;,\n    &quot;align&quot;: &quot;wide&quot;,\n    &quot;showInActions&quot;: false,\n    &quot;allowNesting&quot;: true,\n    &quot;icon&quot;: &quot;&quot;,\n    &quot;showExpandableContent&quot;: false,\n    &quot;expandableContent&quot;: &quot;&quot;,\n    &quot;link&quot;: {\n        &quot;url&quot;: &quot;&quot;\n    }\n}\">\n    \n<\/jgu-base-listitem>\n\n<jgu-base-listitem react-props=\"{\n    &quot;title&quot;: &quot;2016 \\u2013 2019 Bachelor&#039;s degree in Political Science and Philosophy at the University of M\\u00fcnster. Title of bachelor&#039;s thesis: \\u201cThe Crisis of German Social Democracy. Why is the SPD no longer elected?\\u201d (Supervisor: Prof. Armin Sch\\u00e4fer). &quot;,\n    &quot;uuid&quot;: &quot;1749806061645&quot;,\n    &quot;align&quot;: &quot;wide&quot;,\n    &quot;showInActions&quot;: false,\n    &quot;allowNesting&quot;: true,\n    &quot;icon&quot;: &quot;&quot;,\n    &quot;showExpandableContent&quot;: false,\n    &quot;expandableContent&quot;: &quot;&quot;,\n    &quot;link&quot;: {\n        &quot;url&quot;: &quot;&quot;\n    }\n}\">\n    \n<\/jgu-base-listitem>\n\n<jgu-base-listitem react-props=\"{\n    &quot;title&quot;: &quot;October to December 2021: Student assistant at the Chair for Comparative Political Science at the University of M\\u00fcnster in the project on voter turnout and differences in voter turnout in OSCE states (Dr. Lea Els\\u00e4sser, Prof. Armin Sch\\u00e4fer).&quot;,\n    &quot;uuid&quot;: &quot;1749806069604&quot;,\n    &quot;align&quot;: &quot;wide&quot;,\n    &quot;showInActions&quot;: false,\n    &quot;allowNesting&quot;: true,\n    &quot;icon&quot;: &quot;&quot;,\n    &quot;showExpandableContent&quot;: false,\n    &quot;expandableContent&quot;: &quot;&quot;,\n    &quot;link&quot;: {\n        &quot;url&quot;: &quot;&quot;\n    }\n}\">\n    \n<\/jgu-base-listitem>\n\n<jgu-base-listitem react-props=\"{\n    &quot;title&quot;: &quot;October to December 2021: Student assistant at the Chair for Comparative Political Science at the University of M\\u00fcnster in the project on voter turnout and differences in voter turnout in OSCE states (Dr. Lea Els\\u00e4sser, Prof. Armin Sch\\u00e4fer).&quot;,\n    &quot;uuid&quot;: &quot;1749806084886&quot;,\n    &quot;align&quot;: &quot;wide&quot;,\n    &quot;showInActions&quot;: false,\n    &quot;allowNesting&quot;: true,\n    &quot;icon&quot;: &quot;&quot;,\n    &quot;showExpandableContent&quot;: false,\n    &quot;expandableContent&quot;: &quot;&quot;,\n    &quot;link&quot;: {\n        &quot;url&quot;: &quot;&quot;\n    }\n}\">\n    \n<\/jgu-base-listitem>\n\n<jgu-base-listitem react-props=\"{\n    &quot;title&quot;: &quot;August to September 2021: Internship at GESIS \\u2013 Leibniz Institute for the Social Sciences in Cologne.&quot;,\n    &quot;uuid&quot;: &quot;1749806092629&quot;,\n    &quot;align&quot;: &quot;wide&quot;,\n    &quot;showInActions&quot;: false,\n    &quot;allowNesting&quot;: true,\n    &quot;icon&quot;: &quot;&quot;,\n    &quot;showExpandableContent&quot;: false,\n    &quot;expandableContent&quot;: &quot;&quot;,\n    &quot;link&quot;: {\n        &quot;url&quot;: &quot;&quot;\n    }\n}\">\n    \n<\/jgu-base-listitem>\n\n<jgu-base-listitem react-props=\"{\n    &quot;title&quot;: &quot;April 2018 to September 2021: Student assistant at the Institute for Political Science (Lecturers for Special Tasks) at the University of M\\u00fcnster.&quot;,\n    &quot;uuid&quot;: &quot;1749806100638&quot;,\n    &quot;align&quot;: &quot;wide&quot;,\n    &quot;showInActions&quot;: false,\n    &quot;allowNesting&quot;: true,\n    &quot;icon&quot;: &quot;&quot;,\n    &quot;showExpandableContent&quot;: false,\n    &quot;expandableContent&quot;: &quot;&quot;,\n    &quot;link&quot;: {\n        &quot;url&quot;: &quot;&quot;\n    }\n}\">\n    \n<\/jgu-base-listitem>\n\n<\/jgu-base-alertbox><jgu-base-heading react-props=\"{\n    &quot;tags&quot;: {\n        &quot;htmlTag&quot;: &quot;h2&quot;,\n        &quot;classTag&quot;: &quot;&quot;,\n        &quot;tag&quot;: &quot;h2&quot;\n    },\n    &quot;heading&quot;: &quot;Courses&quot;,\n    &quot;textAlign&quot;: &quot;left&quot;,\n    &quot;anchor&quot;: &quot;&quot;,\n    &quot;index&quot;: &quot;&quot;,\n    &quot;color&quot;: &quot;red&quot;\n}\"><\/jgu-base-heading>\n\tNo courses found for given input data and semester (SoSe 2026)<hr>\n<p>\n\tSoSe 2026\t<\/p>\n\n\n<div style=\"height:90px\" aria-hidden=\"true\" class=\"wp-block-spacer\"><\/div>\n<jgu-base-heading react-props=\"{\n    &quot;tags&quot;: {\n        &quot;htmlTag&quot;: &quot;h2&quot;,\n        &quot;classTag&quot;: &quot;&quot;,\n        &quot;tag&quot;: &quot;h2&quot;\n    },\n    &quot;heading&quot;: &quot;Publications&quot;,\n    &quot;textAlign&quot;: &quot;left&quot;,\n    &quot;anchor&quot;: &quot;&quot;,\n    &quot;index&quot;: &quot;&quot;,\n    &quot;color&quot;: &quot;red&quot;\n}\"><\/jgu-base-heading>\n    <div style=\"display: none\">\n        \n    <\/div>","protected":false},"excerpt":{"rendered":"","protected":false},"author":16,"featured_media":0,"parent":11010,"menu_order":1,"comment_status":"closed","ping_status":"closed","template":"","meta":{"footnotes":""},"categories":[],"tags":[],"class_list":["post-11062","page","type-page","status-publish","hentry"],"content_raw":"<!-- wp:jgu\/pageheader {\"items\":[{\"box\":{\"index\":\"\",\"title\":\"Jonas Wenker M.A.\",\"link\":{\"url\":\"\",\"title\":\"learn more\"}},\"color\":\"default\",\"image\":{\"url\":\"\"},\"imgCredit\":\"\",\"useVideo\":false,\"video\":false}],\"type\":\"border\",\"useBreadcrumb\":true} \/--><!-- wp:columns -->\n<div class=\"wp-block-columns\"><!-- wp:column -->\n<div class=\"wp-block-column\"><!-- wp:jgu\/idm-person {\"id\":\"292042\",\"organizationId\":614,\"roleId\":16} \/--><\/div>\n<!-- \/wp:column -->\n\n<!-- wp:column -->\n<div class=\"wp-block-column\"><!-- wp:jgu\/alertbox {\"headline\":\"Further information\",\"children\":\"The consultation takes place in person, via MSTeams or by telephone. Please register for an appointment in advance by e-mail and let me know how you would like to attend the consultation. \",\"icon\":\"bullhorn-solid\",\"iconColor\":\"red\"} -->\n<!-- wp:jgu\/list-item {\"uuid\":\"1749805860215\"} \/-->\n<!-- \/wp:jgu\/alertbox --><\/div>\n<!-- \/wp:column --><\/div>\n<!-- \/wp:columns --><!-- wp:jgu\/alertbox {\"headline\":\"CV\"} -->\n<!-- wp:jgu\/list-item {\"title\":\"Since April 2022: Academic staff member at the Chair for Comparative Political Science (Prof. Armin Sch\u00e4fer) at Johannes Gutenberg University Mainz.\",\"uuid\":\"1749806000445\"} \/-->\n\n<!-- wp:jgu\/list-item {\"title\":\"January to March 2022: Graduate assistant at the Chair for Comparative Political Science (Prof. Armin Sch\u00e4fer) at the University of M\u00fcnster.\",\"uuid\":\"1749806044401\"} \/-->\n\n<!-- wp:jgu\/list-item {\"title\":\"2019 \u2013 2021 Master's degree in Political Science with a minor in Economics at the University of M\u00fcnster. Title of master's thesis: \u201cDemocratic Alienation in the USA. A Multicausal Perspective on Democratic Satisfaction and Losers\u2019 Discontent\u201d (Supervisor: Prof. Armin Sch\u00e4fer). \",\"uuid\":\"1749806048835\"} \/-->\n\n<!-- wp:jgu\/list-item {\"title\":\"2016 \u2013 2019 Bachelor's degree in Political Science and Philosophy at the University of M\u00fcnster. Title of bachelor's thesis: \u201cThe Crisis of German Social Democracy. Why is the SPD no longer elected?\u201d (Supervisor: Prof. Armin Sch\u00e4fer). \",\"uuid\":\"1749806061645\"} \/-->\n\n<!-- wp:jgu\/list-item {\"title\":\"October to December 2021: Student assistant at the Chair for Comparative Political Science at the University of M\u00fcnster in the project on voter turnout and differences in voter turnout in OSCE states (Dr. Lea Els\u00e4sser, Prof. Armin Sch\u00e4fer).\",\"uuid\":\"1749806069604\"} \/-->\n\n<!-- wp:jgu\/list-item {\"title\":\"October to December 2021: Student assistant at the Chair for Comparative Political Science at the University of M\u00fcnster in the project on voter turnout and differences in voter turnout in OSCE states (Dr. Lea Els\u00e4sser, Prof. Armin Sch\u00e4fer).\",\"uuid\":\"1749806084886\"} \/-->\n\n<!-- wp:jgu\/list-item {\"title\":\"August to September 2021: Internship at GESIS \u2013 Leibniz Institute for the Social Sciences in Cologne.\",\"uuid\":\"1749806092629\"} \/-->\n\n<!-- wp:jgu\/list-item {\"title\":\"April 2018 to September 2021: Student assistant at the Institute for Political Science (Lecturers for Special Tasks) at the University of M\u00fcnster.\",\"uuid\":\"1749806100638\"} \/-->\n<!-- \/wp:jgu\/alertbox --><!-- wp:jgu\/heading {\"tags\":{\"htmlTag\":\"h2\",\"classTag\":\"\",\"tag\":\"h2\"},\"heading\":\"Courses\"} \/--><!-- wp:jgu\/jogustine {\"orgunit\":\"Politikwissenschaft\",\"instructor\":\"Jonas Wenker\"} \/--><!-- wp:spacer -->\n<div style=\"height:90px\" aria-hidden=\"true\" class=\"wp-block-spacer\"><\/div>\n<!-- \/wp:spacer --><!-- wp:jgu\/heading {\"tags\":{\"htmlTag\":\"h2\",\"classTag\":\"\",\"tag\":\"h2\"},\"heading\":\"Publications\"} \/--><!-- wp:jgu\/fis {\"user\":\"jwenker\"} \/-->","_links":{"self":[{"href":"https:\/\/vergleich.politik.uni-mainz.de\/en\/wp-json\/wp\/v2\/pages\/11062","targetHints":{"allow":["GET"]}}],"collection":[{"href":"https:\/\/vergleich.politik.uni-mainz.de\/en\/wp-json\/wp\/v2\/pages"}],"about":[{"href":"https:\/\/vergleich.politik.uni-mainz.de\/en\/wp-json\/wp\/v2\/types\/page"}],"author":[{"embeddable":true,"href":"https:\/\/vergleich.politik.uni-mainz.de\/en\/wp-json\/wp\/v2\/users\/16"}],"replies":[{"embeddable":true,"href":"https:\/\/vergleich.politik.uni-mainz.de\/en\/wp-json\/wp\/v2\/comments?post=11062"}],"version-history":[{"count":2,"href":"https:\/\/vergleich.politik.uni-mainz.de\/en\/wp-json\/wp\/v2\/pages\/11062\/revisions"}],"predecessor-version":[{"id":11214,"href":"https:\/\/vergleich.politik.uni-mainz.de\/en\/wp-json\/wp\/v2\/pages\/11062\/revisions\/11214"}],"up":[{"embeddable":true,"href":"https:\/\/vergleich.politik.uni-mainz.de\/en\/wp-json\/wp\/v2\/pages\/11010"}],"wp:attachment":[{"href":"https:\/\/vergleich.politik.uni-mainz.de\/en\/wp-json\/wp\/v2\/media?parent=11062"}],"wp:term":[{"taxonomy":"category","embeddable":true,"href":"https:\/\/vergleich.politik.uni-mainz.de\/en\/wp-json\/wp\/v2\/categories?post=11062"},{"taxonomy":"post_tag","embeddable":true,"href":"https:\/\/vergleich.politik.uni-mainz.de\/en\/wp-json\/wp\/v2\/tags?post=11062"}],"curies":[{"name":"wp","href":"https:\/\/api.w.org\/{rel}","templated":true}]}}