{"id":11035,"date":"2025-04-18T21:15:36","date_gmt":"2025-04-18T19:15:36","guid":{"rendered":"https:\/\/cms.zdv.uni-mainz.de\/fb02-vergleichende-politikwissenschaft\/?page_id=11035"},"modified":"2026-03-02T17:12:53","modified_gmt":"2026-03-02T16:12:53","slug":"dr-lea-elsaesser","status":"publish","type":"page","link":"https:\/\/vergleich.politik.uni-mainz.de\/en\/start-vergleichende\/dr-lea-elsaesser\/","title":{"rendered":"Dr. Lea Els\u00e4sser"},"content":{"rendered":"<jgu-base-pageheader react-props=\"{\n    &quot;items&quot;: [\n        {\n            &quot;box&quot;: {\n                &quot;index&quot;: &quot;&quot;,\n                &quot;title&quot;: &quot;Dr. Lea Els\\u00e4sser&quot;,\n                &quot;link&quot;: {\n                    &quot;url&quot;: &quot;&quot;,\n                    &quot;title&quot;: &quot;learn more&quot;\n                }\n            },\n            &quot;color&quot;: &quot;default&quot;,\n            &quot;image&quot;: {\n                &quot;url&quot;: &quot;&quot;\n            },\n            &quot;imgCredit&quot;: &quot;&quot;,\n            &quot;useVideo&quot;: false,\n            &quot;video&quot;: false\n        }\n    ],\n    &quot;type&quot;: &quot;border&quot;,\n    &quot;useBreadcrumb&quot;: true,\n    &quot;align&quot;: &quot;full&quot;,\n    &quot;quicklinks&quot;: {\n        &quot;show&quot;: false,\n        &quot;selects&quot;: []\n    }\n}\">\n<\/jgu-base-pageheader><jgu-base-anchornavigation react-props=\"{\n    &quot;align&quot;: &quot;wide&quot;,\n    &quot;theme&quot;: &quot;white&quot;\n}\">\n    \n<\/jgu-base-anchornavigation><div\n\tclass=\"jgu-anchorpoint\"\n\tid=\"contact us\"\n\tdata-label=\"Contact\"\n\tdata-hide-in-nav=\"false\"\n\ttabindex=\"0\"\n\tdata-initial-scroll=\"true\"\n><\/div>\n\n<div class=\"wp-block-columns is-layout-flex wp-container-core-columns-is-layout-9d6595d7 wp-block-columns-is-layout-flex\">\n<div class=\"wp-block-column is-layout-flow wp-block-column-is-layout-flow\"><jgu-base-idm-person react-props=\"{\n    &quot;id&quot;: &quot;292104&quot;,\n    &quot;organizationId&quot;: 614,\n    &quot;roleId&quot;: 16,\n    &quot;name&quot;: &quot;&quot;,\n    &quot;link&quot;: &quot;idm&quot;,\n    &quot;skipDetails&quot;: [],\n    &quot;align&quot;: &quot;left&quot;,\n    &quot;color&quot;: &quot;default&quot;,\n    &quot;mode&quot;: &quot;edit&quot;,\n    &quot;linkType&quot;: &quot;idm&quot;\n}\">\n        \n<\/jgu-base-idm-person>\n<\/div>\n\n\n\n<div class=\"wp-block-column is-layout-flow wp-block-column-is-layout-flow\"><jgu-base-alertbox react-props=\"{\n    &quot;headline&quot;: &quot;Consultation hour:&quot;,\n    &quot;children&quot;: &quot;&lt;a href=\\&quot;mailto:elsaesser@politik.uni-mainz.de\\&quot;&gt;Arrangement by email&lt;\\\/a&gt;&quot;,\n    &quot;icon&quot;: &quot;bullhorn-solid&quot;,\n    &quot;iconColor&quot;: &quot;red&quot;,\n    &quot;headlineColor&quot;: &quot;dark&quot;,\n    &quot;subline&quot;: &quot;&quot;,\n    &quot;iconOverHeadline&quot;: false,\n    &quot;isPreview&quot;: false\n}\">\n    \n<\/jgu-base-alertbox>\n\n<jgu-base-button style=\"display: flex; flex-wrap: wrap; column-gap: 30px; max-width: 100%; flex-direction: row; justify-content: left\">\n  \n<jgu-base-buttonitem react-props=\"{\n    &quot;align&quot;: &quot;left&quot;,\n    &quot;text&quot;: &quot;&quot;,\n    &quot;styling&quot;: &quot;primary&quot;,\n    &quot;icon&quot;: &quot;arrow-right-solid&quot;,\n    &quot;type&quot;: &quot;default&quot;,\n    &quot;link&quot;: {\n        &quot;url&quot;: &quot;&quot;,\n        &quot;linkTarget&quot;: &quot;&quot;,\n        &quot;rel&quot;: &quot;&quot;\n    },\n    &quot;iconBefore&quot;: false,\n    &quot;isSmall&quot;: false,\n    &quot;fullWidth&quot;: false,\n    &quot;className&quot;: &quot;&quot;\n}\"><\/jgu-base-buttonitem>\n\n<\/jgu-base-button><\/div>\n<\/div>\n<div\n\tclass=\"jgu-anchorpoint\"\n\tid=\"CV\"\n\tdata-label=\"CV\"\n\tdata-hide-in-nav=\"false\"\n\ttabindex=\"0\"\n\tdata-initial-scroll=\"true\"\n><\/div>\n<jgu-base-alertbox react-props=\"{\n    &quot;headline&quot;: &quot;CV&quot;,\n    &quot;headlineColor&quot;: &quot;dark&quot;,\n    &quot;subline&quot;: &quot;&quot;,\n    &quot;children&quot;: &quot;&quot;,\n    &quot;icon&quot;: &quot;&quot;,\n    &quot;iconOverHeadline&quot;: false,\n    &quot;isPreview&quot;: false\n}\">\n    \n<jgu-base-listitem react-props=\"{\n    &quot;uuid&quot;: &quot;1745002862854&quot;,\n    &quot;align&quot;: &quot;wide&quot;,\n    &quot;showInActions&quot;: false,\n    &quot;allowNesting&quot;: true,\n    &quot;icon&quot;: &quot;&quot;,\n    &quot;title&quot;: &quot;&quot;,\n    &quot;showExpandableContent&quot;: false,\n    &quot;expandableContent&quot;: &quot;&quot;,\n    &quot;link&quot;: {\n        &quot;url&quot;: &quot;&quot;\n    }\n}\">\n    \n<\/jgu-base-listitem>\n\n<jgu-base-listitem react-props=\"{\n    &quot;title&quot;: &quot;&lt;strong&gt;Since April 2022 &lt;\\\/strong&gt;&lt;br&gt;Research Associate (postdoctoral researcher) at the Institute for Political Science at Johannes Gutenberg University Mainz, Department of Comparative Political Science&quot;,\n    &quot;uuid&quot;: &quot;1745002963432&quot;,\n    &quot;link&quot;: {\n        &quot;url&quot;: null\n    },\n    &quot;align&quot;: &quot;wide&quot;,\n    &quot;showInActions&quot;: false,\n    &quot;allowNesting&quot;: true,\n    &quot;icon&quot;: &quot;&quot;,\n    &quot;showExpandableContent&quot;: false,\n    &quot;expandableContent&quot;: &quot;&quot;\n}\">\n    \n<\/jgu-base-listitem>\n\n<jgu-base-listitem react-props=\"{\n    &quot;title&quot;: &quot;&lt;strong&gt;September 2019 to March 2022&lt;\\\/strong&gt; &lt;br&gt;Research Associate (postdoctoral researcher) at the Chair of Comparative Political Science, Westf\\u00e4lische Wilhelms-Universit\\u00e4t M\\u00fcnster&quot;,\n    &quot;uuid&quot;: &quot;1745003018920&quot;,\n    &quot;link&quot;: {\n        &quot;url&quot;: null\n    },\n    &quot;align&quot;: &quot;wide&quot;,\n    &quot;showInActions&quot;: false,\n    &quot;allowNesting&quot;: true,\n    &quot;icon&quot;: &quot;&quot;,\n    &quot;showExpandableContent&quot;: false,\n    &quot;expandableContent&quot;: &quot;&quot;\n}\">\n    \n<\/jgu-base-listitem>\n\n<jgu-base-listitem react-props=\"{\n    &quot;title&quot;: &quot;&lt;strong&gt;September 2019 \\u2013 August 2020 &lt;\\\/strong&gt;&lt;br&gt;Visiting Scholar at the Max Planck Institute for the Study of Societies, Cologne&quot;,\n    &quot;uuid&quot;: &quot;1745002995039&quot;,\n    &quot;link&quot;: {\n        &quot;url&quot;: null\n    },\n    &quot;align&quot;: &quot;wide&quot;,\n    &quot;showInActions&quot;: false,\n    &quot;allowNesting&quot;: true,\n    &quot;icon&quot;: &quot;&quot;,\n    &quot;showExpandableContent&quot;: false,\n    &quot;expandableContent&quot;: &quot;&quot;\n}\">\n    \n<\/jgu-base-listitem>\n\n<jgu-base-listitem react-props=\"{\n    &quot;title&quot;: &quot;&lt;strong&gt;January to August 2019&lt;\\\/strong&gt;&lt;br&gt;Parental leave&quot;,\n    &quot;uuid&quot;: &quot;1745003090428&quot;,\n    &quot;link&quot;: {\n        &quot;url&quot;: null\n    },\n    &quot;align&quot;: &quot;wide&quot;,\n    &quot;showInActions&quot;: false,\n    &quot;allowNesting&quot;: true,\n    &quot;icon&quot;: &quot;&quot;,\n    &quot;showExpandableContent&quot;: false,\n    &quot;expandableContent&quot;: &quot;&quot;\n}\">\n    \n<\/jgu-base-listitem>\n\n<jgu-base-listitem react-props=\"{\n    &quot;title&quot;: &quot;&lt;strong&gt;November 2017 to March 2022&lt;\\\/strong&gt;&lt;br&gt;Research Associate at the Institute for Socioeconomics, University of Duisburg-Essen&quot;,\n    &quot;uuid&quot;: &quot;1745003146646&quot;,\n    &quot;link&quot;: {\n        &quot;url&quot;: null\n    },\n    &quot;align&quot;: &quot;wide&quot;,\n    &quot;showInActions&quot;: false,\n    &quot;allowNesting&quot;: true,\n    &quot;icon&quot;: &quot;&quot;,\n    &quot;showExpandableContent&quot;: false,\n    &quot;expandableContent&quot;: &quot;&quot;\n}\">\n    \n<\/jgu-base-listitem>\n\n<jgu-base-listitem react-props=\"{\n    &quot;title&quot;: &quot;&lt;strong&gt;March 2018&lt;\\\/strong&gt;&lt;br&gt;Doctorate at the University of Osnabr\\u00fcck&quot;,\n    &quot;uuid&quot;: &quot;1751269635648&quot;,\n    &quot;link&quot;: {\n        &quot;url&quot;: null\n    },\n    &quot;align&quot;: &quot;wide&quot;,\n    &quot;showInActions&quot;: false,\n    &quot;allowNesting&quot;: true,\n    &quot;icon&quot;: &quot;&quot;,\n    &quot;showExpandableContent&quot;: false,\n    &quot;expandableContent&quot;: &quot;&quot;\n}\">\n    \n<\/jgu-base-listitem>\n\n<jgu-base-listitem react-props=\"{\n    &quot;title&quot;: &quot;&lt;strong&gt;September 2016 to December 2016&lt;\\\/strong&gt; &lt;br&gt;Research stay at Northwestern University, Evanston, USA&quot;,\n    &quot;uuid&quot;: &quot;1751269664526&quot;,\n    &quot;link&quot;: {\n        &quot;url&quot;: null\n    },\n    &quot;align&quot;: &quot;wide&quot;,\n    &quot;showInActions&quot;: false,\n    &quot;allowNesting&quot;: true,\n    &quot;icon&quot;: &quot;&quot;,\n    &quot;showExpandableContent&quot;: false,\n    &quot;expandableContent&quot;: &quot;&quot;\n}\">\n    \n<\/jgu-base-listitem>\n\n<jgu-base-listitem react-props=\"{\n    &quot;title&quot;: &quot;&lt;strong&gt;2014 to 2017 &lt;\\\/strong&gt;&lt;br&gt;Visiting Doctoral Researcher at the Max Planck Institute for the Study of Societies, Cologne and doctoral scholarship holder of the German National Academic Foundation &quot;,\n    &quot;uuid&quot;: &quot;1751269709607&quot;,\n    &quot;link&quot;: {\n        &quot;url&quot;: null\n    },\n    &quot;align&quot;: &quot;wide&quot;,\n    &quot;showInActions&quot;: false,\n    &quot;allowNesting&quot;: true,\n    &quot;icon&quot;: &quot;&quot;,\n    &quot;showExpandableContent&quot;: false,\n    &quot;expandableContent&quot;: &quot;&quot;\n}\">\n    \n<\/jgu-base-listitem>\n\n<jgu-base-listitem react-props=\"{\n    &quot;title&quot;: &quot;&lt;strong&gt;2013 to 2014 &lt;\\\/strong&gt;&lt;br&gt;Research Associate at the Max Planck Institute for the Study of Societies, Cologne&quot;,\n    &quot;uuid&quot;: &quot;1751269739711&quot;,\n    &quot;link&quot;: {\n        &quot;url&quot;: null\n    },\n    &quot;align&quot;: &quot;wide&quot;,\n    &quot;showInActions&quot;: false,\n    &quot;allowNesting&quot;: true,\n    &quot;icon&quot;: &quot;&quot;,\n    &quot;showExpandableContent&quot;: false,\n    &quot;expandableContent&quot;: &quot;&quot;\n}\">\n    \n<\/jgu-base-listitem>\n\n<jgu-base-listitem react-props=\"{\n    &quot;title&quot;: &quot;&lt;strong&gt;2010 to 2013 &lt;\\\/strong&gt;&lt;br&gt;Master&#039;s degree M.Sc. in Economics, University of Cologne &quot;,\n    &quot;uuid&quot;: &quot;1751269767038&quot;,\n    &quot;link&quot;: {\n        &quot;url&quot;: null\n    },\n    &quot;align&quot;: &quot;wide&quot;,\n    &quot;showInActions&quot;: false,\n    &quot;allowNesting&quot;: true,\n    &quot;icon&quot;: &quot;&quot;,\n    &quot;showExpandableContent&quot;: false,\n    &quot;expandableContent&quot;: &quot;&quot;\n}\">\n    \n<\/jgu-base-listitem>\n\n<jgu-base-listitem react-props=\"{\n    &quot;title&quot;: &quot;&lt;strong&gt;2006 to 2010 &lt;\\\/strong&gt;&lt;br&gt;Bachelor&#039;s degree B.Sc. in International Economics and European Studies, Eberhard Karls University T\\u00fcbingen &quot;,\n    &quot;uuid&quot;: &quot;1751269776705&quot;,\n    &quot;link&quot;: {\n        &quot;url&quot;: null\n    },\n    &quot;align&quot;: &quot;wide&quot;,\n    &quot;showInActions&quot;: false,\n    &quot;allowNesting&quot;: true,\n    &quot;icon&quot;: &quot;&quot;,\n    &quot;showExpandableContent&quot;: false,\n    &quot;expandableContent&quot;: &quot;&quot;\n}\">\n    \n<\/jgu-base-listitem>\n\n<\/jgu-base-alertbox><div\n\tclass=\"jgu-anchorpoint\"\n\tid=\"Teaching\"\n\tdata-label=\"Teaching\"\n\tdata-hide-in-nav=\"false\"\n\ttabindex=\"0\"\n\tdata-initial-scroll=\"true\"\n><\/div>\n\n<div style=\"height:90px\" aria-hidden=\"true\" class=\"wp-block-spacer\"><\/div>\n<jgu-base-heading react-props=\"{\n    &quot;tags&quot;: {\n        &quot;htmlTag&quot;: &quot;h2&quot;,\n        &quot;classTag&quot;: &quot;&quot;,\n        &quot;tag&quot;: &quot;h2&quot;\n    },\n    &quot;heading&quot;: &quot;Courses&quot;,\n    &quot;textAlign&quot;: &quot;left&quot;,\n    &quot;anchor&quot;: &quot;&quot;,\n    &quot;index&quot;: &quot;&quot;,\n    &quot;color&quot;: &quot;red&quot;\n}\"><\/jgu-base-heading>\n\tNo courses found for given input data and semester (SoSe 2026)<hr>\n<p>\n\tSoSe 2026\t<\/p>\n\n<div\n\tclass=\"jgu-anchorpoint\"\n\tid=\"Publications\"\n\tdata-label=\"Publications\"\n\tdata-hide-in-nav=\"false\"\n\ttabindex=\"0\"\n\tdata-initial-scroll=\"true\"\n><\/div>\n\n<div style=\"height:90px\" aria-hidden=\"true\" class=\"wp-block-spacer\"><\/div>\n<jgu-base-heading react-props=\"{\n    &quot;tags&quot;: {\n        &quot;htmlTag&quot;: &quot;h2&quot;,\n        &quot;classTag&quot;: &quot;&quot;,\n        &quot;tag&quot;: &quot;h2&quot;\n    },\n    &quot;heading&quot;: &quot;Publications&quot;,\n    &quot;textAlign&quot;: &quot;left&quot;,\n    &quot;anchor&quot;: &quot;&quot;,\n    &quot;index&quot;: &quot;&quot;,\n    &quot;color&quot;: &quot;red&quot;\n}\"><\/jgu-base-heading>\n<div>\n\n\t\n\t<div class=\"csl-bib-body\">\n  <div class=\"csl-entry\">Elsaesser, L. (2024). Careerism and working-class decline: The role of party selectorates in explaining trends in descriptive (mis-)representation. <i>ELECTORAL STUDIES<\/i>, <i>89<\/i>. <a href=\"https:\/\/doi.org\/10.1016\/j.electstud.2024.102788\" title=\"Bibliographical information\">DOI<\/a> <a href=\"https:\/\/www.webofscience.com\/api\/gateway?GWVersion=2&#038;SrcApp=fis-test-1&#038;SrcAuth=WosAPI&#038;KeyUT=WOS:001233899400001&#038;DestLinkType=FullRecord&#038;DestApp=WOS_CPL\" title=\"Bibliographical information\" >Author\/Publisher URL<\/a><\/div>\n  <div class=\"csl-entry\">Mathisen, R., Schakel, W., Hense, S., et al. (2024). Unequal Responsiveness and Government Partisanship in Northwest Europe. In <i>UNEQUAL DEMOCRACIES<\/i> (pp. 29-53). <a href=\"https:\/\/doi.org\/10.1017\/9781009428682.003\" title=\"Bibliographical information\">DOI<\/a> <a href=\"https:\/\/www.webofscience.com\/api\/gateway?GWVersion=2&#038;SrcApp=fis-test-1&#038;SrcAuth=WosAPI&#038;KeyUT=WOS:001189898200002&#038;DestLinkType=FullRecord&#038;DestApp=WOS_CPL\" title=\"Bibliographical information\" >Author\/Publisher URL<\/a><\/div>\n  <div class=\"csl-entry\">Els\u00e4sser, L., Sch\u00e4fer, A. (2023). Political Inequality in Rich Democracies. <i>ANNUAL REVIEW OF POLITICAL SCIENCE<\/i>, <i>26<\/i>, 469-487. <a href=\"https:\/\/doi.org\/10.1146\/annurev-polisci-052521-094617\" title=\"Bibliographical information\">DOI<\/a> <a href=\"https:\/\/www.webofscience.com\/api\/gateway?GWVersion=2&#038;SrcApp=fis-test-1&#038;SrcAuth=WosAPI&#038;KeyUT=WOS:001004794800024&#038;DestLinkType=FullRecord&#038;DestApp=WOS_CPL\" title=\"Bibliographical information\" >Author\/Publisher URL<\/a><\/div>\n  <div class=\"csl-entry\">Els\u00e4sser, L., Fastenrath, F., Rehm, M. (2023). Making the rich pay? Social democracy and wealth taxation in Europe in the aftermath of the great financial crisis. <i>EUROPEAN POLITICAL SCIENCE REVIEW<\/i>, <i>15<\/i>(2), 194-213. <a href=\"https:\/\/doi.org\/10.1017\/S1755773922000510\" title=\"Bibliographical information\">DOI<\/a> <a href=\"https:\/\/www.webofscience.com\/api\/gateway?GWVersion=2&#038;SrcApp=fis-test-1&#038;SrcAuth=WosAPI&#038;KeyUT=WOS:000890426700001&#038;DestLinkType=FullRecord&#038;DestApp=WOS_CPL\" title=\"Bibliographical information\" >Author\/Publisher URL<\/a><\/div>\n  <div class=\"csl-entry\">Els\u00e4sser, L., Haffert, L. (2022). Does fiscal pressure constrain policy responsiveness? Evidence from Germany. <i>EUROPEAN JOURNAL OF POLITICAL RESEARCH<\/i>, <i>61<\/i>(2), 374-397. <a href=\"https:\/\/doi.org\/10.1111\/1475-6765.12494\" title=\"Bibliographical information\">DOI<\/a> <a href=\"https:\/\/www.webofscience.com\/api\/gateway?GWVersion=2&#038;SrcApp=fis-test-1&#038;SrcAuth=WosAPI&#038;KeyUT=WOS:000713748500001&#038;DestLinkType=FullRecord&#038;DestApp=WOS_CPL\" title=\"Bibliographical information\" >Author\/Publisher URL<\/a><\/div>\n  <div class=\"csl-entry\">Els\u00e4sser, L., Sch\u00e4fer, A. (2022). (N)one of us? The case for descriptive representation of the contemporary working class. <i>WEST EUROPEAN POLITICS<\/i>, <i>45<\/i>(6), 1361-1384. <a href=\"https:\/\/doi.org\/10.1080\/01402382.2022.2031443\" title=\"Bibliographical information\">DOI<\/a> <a href=\"https:\/\/www.webofscience.com\/api\/gateway?GWVersion=2&#038;SrcApp=fis-test-1&#038;SrcAuth=WosAPI&#038;KeyUT=WOS:000757802600001&#038;DestLinkType=FullRecord&#038;DestApp=WOS_CPL\" title=\"Bibliographical information\" >Author\/Publisher URL<\/a><\/div>\n  <div class=\"csl-entry\">Els\u00e4sser, L., Hense, S., Sch\u00e4fer, A. (2021). Not just money: unequal responsiveness in egalitarian democracies. <i>JOURNAL OF EUROPEAN PUBLIC POLICY<\/i>, <i>28<\/i>(12), 1890-1908. <a href=\"https:\/\/doi.org\/10.1080\/13501763.2020.1801804\" title=\"Bibliographical information\">DOI<\/a> <a href=\"https:\/\/www.webofscience.com\/api\/gateway?GWVersion=2&#038;SrcApp=fis-test-1&#038;SrcAuth=WosAPI&#038;KeyUT=WOS:000559857600001&#038;DestLinkType=FullRecord&#038;DestApp=WOS_CPL\" title=\"Bibliographical information\" >Author\/Publisher URL<\/a><\/div>\n  <div class=\"csl-entry\">Els\u00e4sser, L. (2018). Ungleiche politische Repr\u00e4sentation und sozialstaatlicher Wandel. <i>Zeitschrift f\u00fcr Sozialreform<\/i>, <i>64<\/i>(4), 525-562. <a href=\"https:\/\/doi.org\/10.1515\/zsr-2018-0025\" title=\"Bibliographical information\">DOI<\/a><\/div>\n  <div class=\"csl-entry\">Els\u00e4sser, L. (2018). <i>Wessen Stimme z\u00e4hlt? Soziale und politische Ungleichheit in Deutschland<\/i>.<\/div>\n  <div class=\"csl-entry\">Els\u00e4sser, L., Sch\u00e4fer, A. (2018). The Political Representation of Women and Welfare State Restructuring. <i>POLITISCHE VIERTELJAHRESSCHRIFT<\/i>, <i>59<\/i>(4), 659-680. <a href=\"https:\/\/doi.org\/10.1007\/s11615-018-0108-6\" title=\"Bibliographical information\">DOI<\/a> <a href=\"https:\/\/www.webofscience.com\/api\/gateway?GWVersion=2&#038;SrcApp=fis-test-1&#038;SrcAuth=WosAPI&#038;KeyUT=WOS:000450564200002&#038;DestLinkType=FullRecord&#038;DestApp=WOS_CPL\" title=\"Bibliographical information\" >Author\/Publisher URL<\/a><\/div>\n  <div class=\"csl-entry\">Els\u00e4sser, L., Hense, S., Sch\u00e4fer, A. (2017). \u201eDem Deutschen Volke\u201c? Die ungleiche Responsivit\u00e4t des Bundestags. <i>Zeitschrift f\u00fcr Politikwissenschaft<\/i>, <i>27<\/i>(2), 161-180. <a href=\"https:\/\/doi.org\/10.1007\/s41358-017-0097-9\" title=\"Bibliographical information\">DOI<\/a><\/div>\n  <div class=\"csl-entry\">Streeck, W., Els\u00e4sser, L. (2016). Monetary disunion: the domestic politics of euroland. <i>JOURNAL OF EUROPEAN PUBLIC POLICY<\/i>, <i>23<\/i>(1), 1-24. <a href=\"https:\/\/doi.org\/10.1080\/13501763.2015.1080287\" title=\"Bibliographical information\">DOI<\/a> <a href=\"https:\/\/www.webofscience.com\/api\/gateway?GWVersion=2&#038;SrcApp=fis-test-1&#038;SrcAuth=WosAPI&#038;KeyUT=WOS:000365681100001&#038;DestLinkType=FullRecord&#038;DestApp=WOS_CPL\" title=\"Bibliographical information\" >Author\/Publisher URL<\/a><\/div>\n<\/div>\t\n<\/div>\n    <div style=\"display: none\">\n        \n    <\/div>","protected":false},"excerpt":{"rendered":"","protected":false},"author":16,"featured_media":0,"parent":11010,"menu_order":1,"comment_status":"closed","ping_status":"closed","template":"","meta":{"footnotes":""},"categories":[],"tags":[],"class_list":["post-11035","page","type-page","status-publish","hentry"],"content_raw":"<!-- wp:jgu\/pageheader {\"items\":[{\"box\":{\"index\":\"\",\"title\":\"Dr. Lea Els\u00e4sser\",\"link\":{\"url\":\"\",\"title\":\"learn more\"}},\"color\":\"default\",\"image\":{\"url\":\"\"},\"imgCredit\":\"\",\"useVideo\":false,\"video\":false}],\"type\":\"border\",\"useBreadcrumb\":true} \/--><!-- wp:jgu\/anchornavigation \/--><!-- wp:jgu\/anchorpoint {\"title\":\"Contact\",\"slug\":\"contact us\"} \/--><!-- wp:columns {\"className\":\"\"} -->\n<div class=\"wp-block-columns\"><!-- wp:column -->\n<div class=\"wp-block-column\"><!-- wp:jgu\/idm-person {\"id\":\"292104\",\"organizationId\":614,\"roleId\":16} \/--><\/div>\n<!-- \/wp:column -->\n\n<!-- wp:column -->\n<div class=\"wp-block-column\"><!-- wp:jgu\/alertbox {\"headline\":\"Consultation hour:\",\"children\":\"\\u003ca href=\\u0022mailto:elsaesser@politik.uni-mainz.de\\u0022\\u003eArrangement by email\\u003c\/a\\u003e\",\"icon\":\"bullhorn-solid\",\"iconColor\":\"red\"} \/-->\n\n<!-- wp:jgu\/button -->\n<!-- wp:jgu\/button-item \/-->\n<!-- \/wp:jgu\/button --><\/div>\n<!-- \/wp:column --><\/div>\n<!-- \/wp:columns --><!-- wp:jgu\/anchorpoint {\"title\":\"CV\",\"slug\":\"CV\"} \/--><!-- wp:jgu\/alertbox {\"headline\":\"CV\"} -->\n<!-- wp:jgu\/list-item {\"uuid\":\"1745002862854\"} \/-->\n\n<!-- wp:jgu\/list-item {\"title\":\"\\u003cstrong\\u003eSince April 2022 \\u003c\/strong\\u003e\\u003cbr\\u003eResearch Associate (postdoctoral researcher) at the Institute for Political Science at Johannes Gutenberg University Mainz, Department of Comparative Political Science\",\"uuid\":\"1745002963432\",\"link\":{\"url\":null}} \/-->\n\n<!-- wp:jgu\/list-item {\"title\":\"\\u003cstrong\\u003eSeptember 2019 to March 2022\\u003c\/strong\\u003e \\u003cbr\\u003eResearch Associate (postdoctoral researcher) at the Chair of Comparative Political Science, Westf\u00e4lische Wilhelms-Universit\u00e4t M\u00fcnster\",\"uuid\":\"1745003018920\",\"link\":{\"url\":null}} \/-->\n\n<!-- wp:jgu\/list-item {\"title\":\"\\u003cstrong\\u003eSeptember 2019 \u2013 August 2020 \\u003c\/strong\\u003e\\u003cbr\\u003eVisiting Scholar at the Max Planck Institute for the Study of Societies, Cologne\",\"uuid\":\"1745002995039\",\"link\":{\"url\":null}} \/-->\n\n<!-- wp:jgu\/list-item {\"title\":\"\\u003cstrong\\u003eJanuary to August 2019\\u003c\/strong\\u003e\\u003cbr\\u003eParental leave\",\"uuid\":\"1745003090428\",\"link\":{\"url\":null}} \/-->\n\n<!-- wp:jgu\/list-item {\"title\":\"\\u003cstrong\\u003eNovember 2017 to March 2022\\u003c\/strong\\u003e\\u003cbr\\u003eResearch Associate at the Institute for Socioeconomics, University of Duisburg-Essen\",\"uuid\":\"1745003146646\",\"link\":{\"url\":null}} \/-->\n\n<!-- wp:jgu\/list-item {\"title\":\"\\u003cstrong\\u003eMarch 2018\\u003c\/strong\\u003e\\u003cbr\\u003eDoctorate at the University of Osnabr\u00fcck\",\"uuid\":\"1751269635648\",\"link\":{\"url\":null}} \/-->\n\n<!-- wp:jgu\/list-item {\"title\":\"\\u003cstrong\\u003eSeptember 2016 to December 2016\\u003c\/strong\\u003e \\u003cbr\\u003eResearch stay at Northwestern University, Evanston, USA\",\"uuid\":\"1751269664526\",\"link\":{\"url\":null}} \/-->\n\n<!-- wp:jgu\/list-item {\"title\":\"\\u003cstrong\\u003e2014 to 2017 \\u003c\/strong\\u003e\\u003cbr\\u003eVisiting Doctoral Researcher at the Max Planck Institute for the Study of Societies, Cologne and doctoral scholarship holder of the German National Academic Foundation \",\"uuid\":\"1751269709607\",\"link\":{\"url\":null}} \/-->\n\n<!-- wp:jgu\/list-item {\"title\":\"\\u003cstrong\\u003e2013 to 2014 \\u003c\/strong\\u003e\\u003cbr\\u003eResearch Associate at the Max Planck Institute for the Study of Societies, Cologne\",\"uuid\":\"1751269739711\",\"link\":{\"url\":null}} \/-->\n\n<!-- wp:jgu\/list-item {\"title\":\"\\u003cstrong\\u003e2010 to 2013 \\u003c\/strong\\u003e\\u003cbr\\u003eMaster's degree M.Sc. in Economics, University of Cologne \",\"uuid\":\"1751269767038\",\"link\":{\"url\":null}} \/-->\n\n<!-- wp:jgu\/list-item {\"title\":\"\\u003cstrong\\u003e2006 to 2010 \\u003c\/strong\\u003e\\u003cbr\\u003eBachelor's degree B.Sc. in International Economics and European Studies, Eberhard Karls University T\u00fcbingen \",\"uuid\":\"1751269776705\",\"link\":{\"url\":null}} \/-->\n<!-- \/wp:jgu\/alertbox --><!-- wp:jgu\/anchorpoint {\"title\":\"Teaching\",\"slug\":\"Teaching\"} \/--><!-- wp:spacer -->\n<div style=\"height:90px\" aria-hidden=\"true\" class=\"wp-block-spacer\"><\/div>\n<!-- \/wp:spacer --><!-- wp:jgu\/heading {\"tags\":{\"htmlTag\":\"h2\",\"classTag\":\"\",\"tag\":\"h2\"},\"heading\":\"Courses\"} \/--><!-- wp:jgu\/jogustine {\"orgunit\":\"Politikwissenschaft\",\"instructor\":\"Lea Els\u00e4sser\"} \/--><!-- wp:jgu\/anchorpoint {\"title\":\"Publications\",\"slug\":\"Publications\"} \/--><!-- wp:spacer -->\n<div style=\"height:90px\" aria-hidden=\"true\" class=\"wp-block-spacer\"><\/div>\n<!-- \/wp:spacer --><!-- wp:jgu\/heading {\"tags\":{\"htmlTag\":\"h2\",\"classTag\":\"\",\"tag\":\"h2\"},\"heading\":\"Publications\"} \/--><!-- wp:jgu\/fis {\"user\":\"lelsaess\"} \/-->","_links":{"self":[{"href":"https:\/\/vergleich.politik.uni-mainz.de\/en\/wp-json\/wp\/v2\/pages\/11035","targetHints":{"allow":["GET"]}}],"collection":[{"href":"https:\/\/vergleich.politik.uni-mainz.de\/en\/wp-json\/wp\/v2\/pages"}],"about":[{"href":"https:\/\/vergleich.politik.uni-mainz.de\/en\/wp-json\/wp\/v2\/types\/page"}],"author":[{"embeddable":true,"href":"https:\/\/vergleich.politik.uni-mainz.de\/en\/wp-json\/wp\/v2\/users\/16"}],"replies":[{"embeddable":true,"href":"https:\/\/vergleich.politik.uni-mainz.de\/en\/wp-json\/wp\/v2\/comments?post=11035"}],"version-history":[{"count":4,"href":"https:\/\/vergleich.politik.uni-mainz.de\/en\/wp-json\/wp\/v2\/pages\/11035\/revisions"}],"predecessor-version":[{"id":11394,"href":"https:\/\/vergleich.politik.uni-mainz.de\/en\/wp-json\/wp\/v2\/pages\/11035\/revisions\/11394"}],"up":[{"embeddable":true,"href":"https:\/\/vergleich.politik.uni-mainz.de\/en\/wp-json\/wp\/v2\/pages\/11010"}],"wp:attachment":[{"href":"https:\/\/vergleich.politik.uni-mainz.de\/en\/wp-json\/wp\/v2\/media?parent=11035"}],"wp:term":[{"taxonomy":"category","embeddable":true,"href":"https:\/\/vergleich.politik.uni-mainz.de\/en\/wp-json\/wp\/v2\/categories?post=11035"},{"taxonomy":"post_tag","embeddable":true,"href":"https:\/\/vergleich.politik.uni-mainz.de\/en\/wp-json\/wp\/v2\/tags?post=11035"}],"curies":[{"name":"wp","href":"https:\/\/api.w.org\/{rel}","templated":true}]}}